{"id":46278,"date":"2023-06-06T15:52:47","date_gmt":"2023-06-06T13:52:47","guid":{"rendered":"https:\/\/www.m-stickers.com\/?post_type=product&#038;p=46278"},"modified":"2025-02-25T16:37:36","modified_gmt":"2025-02-25T15:37:36","slug":"samolepky-na-rafky-ktm-duke-790-oranzove-retro-reflexni-vyprodej","status":"publish","type":"product","link":"https:\/\/www.m-stickers.com\/cs\/produit\/stickers-jantes-ktm-duke-790-orange-retro-reflechissant-destockage\/","title":{"rendered":"N\u00e1lepky na r\u00e1fky kol KTM Duke 790 \u2013 oran\u017eov\u00e1 \u2013 fluorescen\u010dn\u00ed\/chromov\u00e1 (v\u00fdprodej)"},"content":{"rendered":"<h2>N\u00e1lepky na r\u00e1fky KTM Duke 790 (sada pro 2 r\u00e1fky):<\/h2>\n<p>Sada dekorativn\u00edch samolepek na r\u00e1fky 17palcov\u00fdch motocykl\u016f KTM Duke 790 pro oba r\u00e1fky obsahuje:<\/p>\n<ul>\n<li>P\u0159edem zak\u0159iven\u00e9 8mm prou\u017eky s 8 mal\u00fdmi n\u00e1lepkami Racing a 8 mal\u00fdmi n\u00e1lepkami 790 \u2013 Duke 790 pro oba r\u00e1fky kol.<\/li>\n<li>1 Logo KTM<\/li>\n<li>Profesion\u00e1ln\u00ed kvalita s trvalou \u017eivotnost\u00ed*<\/li>\n<\/ul>\n<p>*n\u00e1lepky na motorku s monomern\u00edm lepidlem 100?, kter\u00e9 zaji\u0161\u0165uje permanentn\u00ed dr\u017een\u00ed, ale tak\u00e9 odolnost v\u016f\u010di st\u0159\u00edkaj\u00edc\u00ed vod\u011b a UV z\u00e1\u0159en\u00ed.<br \/>\nNa\u0161e vysoce kvalitn\u00ed vinyly jsou navr\u017eeny a vyrobeny ve Francii.<\/p>\n<hr \/>\n<h3>N\u00e1lepky na r\u00e1fky KTM Duke 790 \u2013 jak je namontovat?<\/h3>\n<p>Sada n\u00e1lepek na r\u00e1fky KTM Duke 790 se snadno aplikuje, bez ohledu na velikost nebo povrch r\u00e1fku, postup z\u016fst\u00e1v\u00e1 stejn\u00fd. N\u00ed\u017ee naleznete n\u00e1vod, kter\u00fd v\u00e1m pom\u016f\u017ee spr\u00e1vn\u011b nainstalovat sadu n\u00e1lepek na r\u00e1fky KTM Duke 790. Ne\u017e za\u010dnete, zde jsou opat\u0159en\u00ed, kter\u00e1 je t\u0159eba u\u010dinit:<\/p>\n<ul>\n<li>Zkontrolujte, zda kolo mus\u00ed b\u00fdt dokonale hladk\u00e9.<\/li>\n<li>D\u016fkladn\u011b o\u010dist\u011bte a odmast\u011bte r\u00e1fek m\u00fddlovou vodou\/alkoholem. Nepou\u017e\u00edvejte WD40 ani jin\u00e9 produkty se silikonem. R\u00e1fek mus\u00ed b\u00fdt dokonale \u010dist\u00fd.<\/li>\n<li>Nemanipulujte samolepky za lepivou stranu.<\/li>\n<li>Pokud n\u00e1lepky nebudou okam\u017eit\u011b aplikov\u00e1ny, skladujte je na such\u00e9m m\u00edst\u011b chr\u00e1n\u011bn\u00e9m p\u0159ed slune\u010dn\u00edm z\u00e1\u0159en\u00edm.<\/li>\n<li>\u00a0P\u0159i instalaci si vyberte m\u00edstnost s teplotou nejm\u00e9n\u011b 15\u00b0C, chr\u00e1n\u011bnou p\u0159ed v\u011btrem a prachem. Je tak\u00e9 mo\u017en\u00e9 nah\u0159\u00e1t r\u00e1fek p\u0159ed nalepen\u00edm n\u00e1lepek, aby se zajistila dobr\u00e1 p\u0159ilnavost lepidla. P\u0159\u00edli\u0161 n\u00edzk\u00e1 teplota neumo\u017en\u00ed optim\u00e1ln\u00ed p\u0159ilnavost n\u00e1lepek.<\/li>\n<li>P\u0159idejte na\u0161e\u00a0<a href=\"https:\/\/www.m-stickers.com\/cs\/produkty\/sterka-na-aplikaci\/\">St\u011brka na aplikaci n\u00e1lepek<\/a>\u00a0k va\u0161\u00ed objedn\u00e1vce, abyste nezme\u0161kali mont\u00e1\u017e va\u0161ich r\u00e1fkov\u00fdch samolepek na motorku<\/li>\n<li>Po aplikaci se vyhn\u011bte kontaktu s chladem a vlhkost\u00ed, abyste zajistili dobrou p\u0159ilnavost n\u00e1lepek.<\/li>\n<\/ul>\n<h2><a style=\"font-size: 16px\" href=\"https:\/\/www.m-stickers.com\/cs\/kontakt\/\" class=\"button ms-desc-cta\">Kontakt<\/a><\/h2>","protected":false},"excerpt":{"rendered":"<h2>N\u00e1lepky na r\u00e1fky KTM Duke 790 (pro 2 r\u00e1fky):<\/h2>\n<p>Sada dekorativn\u00edch samolepek na r\u00e1fky 17palcov\u00fdch motocykl\u016f KTM Duke 790 pro oba r\u00e1fky obsahuje:<\/p>\n<ul>\n<li>P\u0159edem zak\u0159iven\u00e9 8mm prou\u017eky s 8 mal\u00fdmi n\u00e1lepkami Racing a 8 mal\u00fdmi n\u00e1lepkami 790 \u2013 Duke 790 pro oba r\u00e1fky kol.<\/li>\n<li>1 Logo KTM<\/li>\n<li>Profesion\u00e1ln\u00ed kvalita s trvalou \u017eivotnost\u00ed*<\/li>\n<\/ul>\n<p>Vysok\u00e1 kvalita, permanentn\u00ed p\u0159ilnavost, odoln\u00e9 proti pov\u011btrnostn\u00edm vliv\u016fm a UV z\u00e1\u0159en\u00ed, 100% francouzsk\u00e1 v\u00fdroba a navr\u017eeno v\u00e1\u0161niv\u00fdmi motork\u00e1\u0159i.<\/p>","protected":false},"featured_media":58152,"comment_status":"open","ping_status":"closed","template":"","meta":[],"product_brand":[],"product_cat":[929,940],"product_tag":[1048,1047,213,935,1158],"class_list":["post-46278","product","type-product","status-publish","has-post-thumbnail","product_cat-destockage","product_cat-stickers-ktm-pas-cher","product_tag-1048","product_tag-duke-790","product_tag-ktm","product_tag-reduction","product_tag-reductions","entry","has-media","first","instock","sale","taxable","shipping-taxable","purchasable","product-type-variable","col","span_1_of_5","owp-content-center","item-entry","owp-thumbs-layout-horizontal","owp-btn-big","owp-tabs-layout-horizontal","has-no-thumbnails"],"ase":null,"_links":{"self":[{"href":"https:\/\/www.m-stickers.com\/cs\/wp-json\/wp\/v2\/product\/46278","targetHints":{"allow":["GET"]}}],"collection":[{"href":"https:\/\/www.m-stickers.com\/cs\/wp-json\/wp\/v2\/product"}],"about":[{"href":"https:\/\/www.m-stickers.com\/cs\/wp-json\/wp\/v2\/types\/product"}],"replies":[{"embeddable":true,"href":"https:\/\/www.m-stickers.com\/cs\/wp-json\/wp\/v2\/comments?post=46278"}],"wp:featuredmedia":[{"embeddable":true,"href":"https:\/\/www.m-stickers.com\/cs\/wp-json\/wp\/v2\/media\/58152"}],"wp:attachment":[{"href":"https:\/\/www.m-stickers.com\/cs\/wp-json\/wp\/v2\/media?parent=46278"}],"wp:term":[{"taxonomy":"product_brand","embeddable":true,"href":"https:\/\/www.m-stickers.com\/cs\/wp-json\/wp\/v2\/product_brand?post=46278"},{"taxonomy":"product_cat","embeddable":true,"href":"https:\/\/www.m-stickers.com\/cs\/wp-json\/wp\/v2\/product_cat?post=46278"},{"taxonomy":"product_tag","embeddable":true,"href":"https:\/\/www.m-stickers.com\/cs\/wp-json\/wp\/v2\/product_tag?post=46278"}],"curies":[{"name":"wp","href":"https:\/\/api.w.org\/{rel}","templated":true}]}}