{"id":49923,"date":"2023-11-10T14:43:54","date_gmt":"2023-11-10T13:43:54","guid":{"rendered":"https:\/\/www.m-stickers.com\/?post_type=product&#038;p=49923"},"modified":"2025-03-19T08:29:36","modified_gmt":"2025-03-19T07:29:36","slug":"samolepky-na-rafky-pro-ktm-1190-rc8","status":"publish","type":"product","link":"https:\/\/www.m-stickers.com\/cs\/produit\/stickers-jante-ktm-1190-rc8\/","title":{"rendered":"Polepy r\u00e1fk\u016f KTM 1190 RC8"},"content":{"rendered":"<h2>Polepy r\u00e1fk\u016f KTM 1190 RC8 (sada pro 2 r\u00e1fky):<\/h2>\n<p><strong>Prom\u011b\u0148te vzhled va\u0161\u00ed KTM 1190 RC8 s na\u0161\u00ed sadou n\u00e1lepek na r\u00e1fky motocyklu ur\u010denou pro oba r\u00e1fky, tato sada obsahuje v\u0161e, co pot\u0159ebujete pro jedine\u010dnou a kvalitn\u00ed personalizaci. Tato sada, vyroben\u00e1 ve Francii z vysoce kvalitn\u00ed vinylov\u00e9 f\u00f3lie, je k dispozici v \u0159ad\u011b barev, kter\u00e9 odpov\u00eddaj\u00ed va\u0161emu stylu.<\/strong><\/p>\n<p>Polepy r\u00e1fk\u016f motocyklu KTM motocykl 17 palc\u016f 1190 RC8 pro 2 r\u00e1fky obsahuje:<\/p>\n<ul>\n<li>20 p\u0159edem zak\u0159iven\u00fdch prou\u017ek\u016f r\u00e1fku 8mm<strong> Design 1 <\/strong>(<span style=\"color: #ff0000;\">v barv\u011b vybran\u00fdch n\u00e1lepek<\/span>)<\/li>\n<li>10 prou\u017ek\u016f na r\u00e1fky KTM a 10 prou\u017ek\u016f na r\u00e1fky 1190 RC8 (b\u00edl\u00e9)<\/li>\n<li>4 vnit\u0159n\u00ed n\u00e1lepky na r\u00e1fky KTM (b\u00edl\u00e9) \u2013 2 velk\u00e9 a 2 mal\u00e9 (velikost p\u0159izp\u016fsobena r\u00e1fk\u016fm modelu)<\/li>\n<li>4 samolepek na vnit\u0159n\u00ed stranu r\u00e1fk\u016f 1190 RC8 (b\u00edl\u00e9) \u2013 2 velk\u00e9 a 2 mal\u00e9 (velikost p\u0159izp\u016fsoben\u00e1 r\u00e1fk\u016fm modelu)<\/li>\n<li>1 Logo KTM (<span style=\"color: #ff0000;\">v barv\u011b vybran\u00fdch n\u00e1lepek<\/span>) \u2013 Logo 17x10cm<\/li>\n<\/ul>\n<p>n\u00e1lepky s 100\u03bc monomerov\u00fdm lepidlem, kter\u00e9 zaji\u0161\u0165uje trvalou p\u0159ilnavost a tak\u00e9 odolnost proti st\u0159\u00edkaj\u00edc\u00ed vod\u011b a UV z\u00e1\u0159en\u00ed.<br \/>\nNa\u0161e vysoce kvalitn\u00ed vinyly jsou navr\u017eeny a vyrobeny ve Francii.<\/p>\n<hr \/>\n<h3>Polepy r\u00e1fk\u016f motocyklu KTM 1190 RC8 \u2013 jak je nalepit?<\/h3>\n<p>Sada polep\u016f na r\u00e1fky KTM 1190 RC8 se snadno aplikuje, bez ohledu na velikost nebo povrch r\u00e1fku, postup z\u016fst\u00e1v\u00e1 stejn\u00fd. N\u00ed\u017ee naleznete n\u00e1vod, kter\u00fd v\u00e1m pom\u016f\u017ee spr\u00e1vn\u011b aplikovat v\u00e1\u0161 sada polep\u016f na r\u00e1fky 1190 RC8. <span style=\"color: #ff0000;\">Ne\u017e za\u010dnete, zde jsou opat\u0159en\u00ed, kter\u00e1 je t\u0159eba u\u010dinit:<\/span><\/p>\n<ul>\n<li>Zkontrolujte, zda kolo mus\u00ed b\u00fdt dokonale hladk\u00e9.<\/li>\n<li>Dob\u0159e o\u010dist\u011bte, odmast\u011bte r\u00e1fek na\u0161\u00edm produktem <a href=\"https:\/\/www.m-stickers.com\/cs\/produkty\/cistic-rafku-motocyklu-specialni-nalepky-100ml\/\"><span style=\"color: #ff0000;\"><strong>\u010disti\u010d r\u00e1fk\u016f speci\u00e1ln\u00ed pro samolepky<\/strong><\/span><\/a>. Nebo m\u00fddlovou vodou (Nemus\u00ed sta\u010dit k odstran\u011bn\u00ed v\u0161ech mastn\u00fdch zbytk\u016f). Nebo alkoholem. <span style=\"color: #ff0000;\">Nepou\u017e\u00edvejte WD40 ani jin\u00e9 produkty s obsahem silikonu. <\/span>R\u00e1fek mus\u00ed b\u00fdt dokonale \u010dist\u00fd.<\/li>\n<li>Nemanipulujte samolepky za lepivou stranu.<\/li>\n<li>Pokud n\u00e1lepky nebudou okam\u017eit\u011b aplikov\u00e1ny, skladujte je na such\u00e9m m\u00edst\u011b chr\u00e1n\u011bn\u00e9m p\u0159ed slune\u010dn\u00edm z\u00e1\u0159en\u00edm.<\/li>\n<li> P\u0159i instalaci zvolte m\u00edstnost s teplotou alespo\u0148 15\u00b0C, chr\u00e1n\u011bnou p\u0159ed v\u011btrem a prachem. Je tak\u00e9 mo\u017en\u00e9 vyh\u0159\u00e1t r\u00e1fek p\u0159ed nalepen\u00edm samolepek, aby se zajistila dobr\u00e1 p\u0159ilnavost. P\u0159\u00edli\u0161 n\u00edzk\u00e1 teplota neumo\u017en\u00ed optim\u00e1ln\u00ed p\u0159ilnavost samolepek.<\/li>\n<li>P\u0159idejte na\u0161e <a href=\"https:\/\/www.m-stickers.com\/cs\/produkty\/sterka-na-aplikaci\/\">St\u011brka na aplikaci n\u00e1lepek<\/a> k va\u0161\u00ed objedn\u00e1vce, abyste nezme\u0161kali mont\u00e1\u017e va\u0161ich r\u00e1fkov\u00fdch samolepek na motorku<\/li>\n<li>Po instalaci se vyhn\u011bte kontaktu se studen\u00fdm a vlhk\u00fdm prost\u0159ed\u00edm, abyste zajistili dobrou p\u0159ilnavost n\u00e1lepek.<\/li>\n<\/ul>\n<p><strong><a href=\"https:\/\/www.m-stickers.com\/cs\/navod-jak-namontovat-dekorativni-pasky-na-rafky-motocyklu\/\">Kompletn\u00ed n\u00e1vod k instalaci sady dekorativn\u00edch prou\u017ek\u016f na r\u00e1fky <\/a><a href=\"https:\/\/www.m-stickers.com\/cs\/navod-jak-namontovat-dekorativni-pasky-na-rafky-motocyklu\/\" class=\"button ms-desc-cta\">Jak aplikovat<\/a><\/strong><\/p>\n<h4>Kompletn\u00ed instrukt\u00e1\u017en\u00ed video k instalaci sady ozdobn\u00fdch pruh\u016f na r\u00e1fky:<\/h4>\n<p><iframe title=\"YouTube video p\u0159ehr\u00e1va\u010d\" src=\"https:\/\/www.youtube.com\/embed\/1AJhkFaZIsk\" width=\"1120\" height=\"630\" frameborder=\"0\" allowfullscreen=\"allowfullscreen\" data-mce-fragment=\"1\"><\/iframe><\/p>\n<hr \/>\n<h2>Je mo\u017en\u00e9 p\u0159izp\u016fsobit moje polepy r\u00e1fk\u016f KTM 1190 RC8?<\/h2>\n<ul>\n<li>P\u0159izp\u016fsobte si sv\u00e9 samolepky na r\u00e1fky motocyklu pomoc\u00ed na\u0161ich efekt\u016f! Pro va\u0161i dekorativn\u00ed sadu r\u00e1fk\u016f nab\u00edz\u00edme tyto efekty: Holografick\u00fd \/ Fotoluminiscen\u010dn\u00ed \/ Retroreflexn\u00ed \/ Fluorescen\u010dn\u00ed \/ Leskl\u00fd \/ Matn\u00fd \/ Zes\u00edlen\u00fd \/ Zlacen\u00fd \/ Post\u0159\u00edb\u0159en\u00fd. <strong>-&gt; <a href=\"https:\/\/www.m-stickers.com\/cs\/nase-polepy\/\">Nav\u0161tivte n\u00e1s a dozv\u00edte se v\u00edce o na\u0161ich samolepk\u00e1ch! <\/a><\/strong><\/li>\n<li>M\u016f\u017eete si tak\u00e9 sami p\u0159izp\u016fsobit sv\u016fj dekora\u010dn\u00ed kit r\u00e1fk\u016f s velk\u00fdm v\u00fdb\u011brem design\u016f pomoc\u00ed na\u0161eho<strong> <a href=\"https:\/\/www.m-stickers.com\/cs\/categorie-configurator\/\">okam\u017eit\u00fd konfigur\u00e1tor<\/a><a href=\"https:\/\/www.m-stickers.com\/cs\/categorie-configurator\/\" class=\"button ms-desc-cta\">Konfigur\u00e1tor<\/a><\/strong><\/li>\n<\/ul>\n<hr \/>\n<h3>Dekora\u010dn\u00ed sada na r\u00e1fky KTM 1190 RC8, jak\u00e9 mo\u017en\u00e9 barvy?<\/h3>\n<ul>\n<li>Na\u0161e sady dekorativn\u00edch prou\u017ek\u016f na r\u00e1fky motocykl\u016f jsou standardn\u011b k dispozici v n\u00e1sleduj\u00edc\u00edch barv\u00e1ch: b\u00edl\u00e1 \/ \u010dern\u00e1 \/ \u010derven\u00e1 \/ oran\u017eov\u00e1 \/ \u017elut\u00e1 \/ zelen\u00e1 \/ tyrkysov\u00e1 \/ modr\u00e1 \/ r\u016f\u017eov\u00e1. M\u016f\u017eete si tak\u00e9 vybrat barvu, kterou si p\u0159ejete, pomoc\u00ed na\u0161\u00ed mo\u017enosti specifick\u00e9 barvy nebo v na\u0161em konfigur\u00e1toru.<\/li>\n<li>Domluvte si sch\u016fzku <a href=\"https:\/\/www.m-stickers.com\/cs\/barevny-vzornik-m-stickers\/\">tady<\/a> pro nalezen\u00ed v\u0161ech na\u0161ich barevn\u00fdch variant s<a href=\"https:\/\/www.m-stickers.com\/cs\/barevny-vzornik-m-stickers\/\"><strong> barevn\u00e1 paleta M-Stickers.<\/strong><\/a><\/li>\n<\/ul>\n<hr \/>\n<h4>M\u00e1te dotaz ohledn\u011b sady polep\u016f r\u00e1fk\u016f? P\u0159ejete si p\u0159izp\u016fsoben\u00ed? Nev\u00e1hejte n\u00e1s kontaktovat prost\u0159ednictv\u00edm kontaktn\u00ed str\u00e1nky: <a href=\"https:\/\/www.m-stickers.com\/cs\/kontakt\/\" class=\"button ms-desc-cta\">Kontakt<\/a><\/h4>\n<p><span style=\"color: #999999;\"><strong>Kl\u00ed\u010dov\u00e1 slova:<\/strong> Samolepky na motorku, samolepky na r\u00e1fky, dekora\u010dn\u00ed sada na motorku, samolepky na r\u00e1fek, dekora\u010dn\u00ed sada na motorku, samolepka na r\u00e1fek, KTM 1190 RC8, p\u0159izp\u016fsoben\u00ed motorky, vysoce kvalitn\u00ed vinyly, n\u00e1vod na lepen\u00ed samolepek, p\u0159izp\u016fsoben\u00ed r\u00e1fk\u016f, efekty samolepek, vlastn\u00ed barvy.<\/span><\/p>","protected":false},"excerpt":{"rendered":"<h2 style=\"text-align: center;\">Samolepky na r\u00e1fky KTM 1190 RC8 (pro 2 r\u00e1fky)<\/h2>\n<hr \/>\n<h2 style=\"text-align: center;\"><span style=\"color: #ff0000;\"><strong>VLASTN\u00cd SADA<\/strong><\/span><\/h2>\n<h3 style=\"text-align: justify; text-justify: inter-word;\"><strong><a href=\"https:\/\/www.m-stickers.com\/cs\/vpc\/konfigurator-ktm-1190-rc8--p49897\/\">P\u0159izp\u016fsobte si sv\u016fj dekorativn\u00ed kit r\u00e1fku s v\u00edce designy, v\u00edce barvami a exkluzivn\u00edmi efekty d\u00edky na\u0161emu konfigur\u00e1toru!<\/a><\/strong><\/h3>\n<h3><strong><a href=\"https:\/\/www.m-stickers.com\/cs\/vpc\/konfigurator-ktm-1190-rc8--p49897\/\" class=\"button ms-desc-cta\">Konfigur\u00e1tor<\/a><\/strong><\/h3>\n<hr \/>\n<h2 style=\"text-align: center;\"><span style=\"color: #ff0000;\"><strong>KLASICK\u00c1 SADA<\/strong><\/span><\/h2>","protected":false},"featured_media":49940,"comment_status":"open","ping_status":"closed","template":"","meta":[],"product_brand":[],"product_cat":[59,15],"product_tag":[1115,1114,213,1118,1117,1116,127,129],"class_list":["post-49923","product","type-product","status-publish","has-post-thumbnail","product_cat-kit-deco-jantes-ktm","product_cat-kits-stickers-jantes-moto-complet","product_tag-1115","product_tag-1190-rc8","product_tag-ktm","product_tag-ktm-1190","product_tag-ktm-rc8","product_tag-rc8","product_tag-stickers-jantes","product_tag-stickers-jantes-ktm","entry","has-media","first","instock","taxable","shipping-taxable","purchasable","product-type-variable","has-default-attributes","col","span_1_of_5","owp-content-center","item-entry","owp-thumbs-layout-horizontal","owp-btn-big","owp-tabs-layout-horizontal"],"ase":null,"_links":{"self":[{"href":"https:\/\/www.m-stickers.com\/cs\/wp-json\/wp\/v2\/product\/49923","targetHints":{"allow":["GET"]}}],"collection":[{"href":"https:\/\/www.m-stickers.com\/cs\/wp-json\/wp\/v2\/product"}],"about":[{"href":"https:\/\/www.m-stickers.com\/cs\/wp-json\/wp\/v2\/types\/product"}],"replies":[{"embeddable":true,"href":"https:\/\/www.m-stickers.com\/cs\/wp-json\/wp\/v2\/comments?post=49923"}],"wp:featuredmedia":[{"embeddable":true,"href":"https:\/\/www.m-stickers.com\/cs\/wp-json\/wp\/v2\/media\/49940"}],"wp:attachment":[{"href":"https:\/\/www.m-stickers.com\/cs\/wp-json\/wp\/v2\/media?parent=49923"}],"wp:term":[{"taxonomy":"product_brand","embeddable":true,"href":"https:\/\/www.m-stickers.com\/cs\/wp-json\/wp\/v2\/product_brand?post=49923"},{"taxonomy":"product_cat","embeddable":true,"href":"https:\/\/www.m-stickers.com\/cs\/wp-json\/wp\/v2\/product_cat?post=49923"},{"taxonomy":"product_tag","embeddable":true,"href":"https:\/\/www.m-stickers.com\/cs\/wp-json\/wp\/v2\/product_tag?post=49923"}],"curies":[{"name":"wp","href":"https:\/\/api.w.org\/{rel}","templated":true}]}}