{"id":14091,"date":"2021-07-29T08:47:19","date_gmt":"2021-07-29T06:47:19","guid":{"rendered":"https:\/\/www.m-stickers.com\/?post_type=product&#038;p=14091"},"modified":"2026-02-10T17:26:56","modified_gmt":"2026-02-10T16:26:56","slug":"vannetarrasarjat-kaksivariset","status":"publish","type":"product","link":"https:\/\/www.m-stickers.com\/fi\/produit\/kit-stickers-de-jantes-full-bi-color\/","title":{"rendered":"Stickers jantes Anneau \u2013 Bicolore"},"content":{"rendered":"<h2>Vannetarrasarjat moottoripy\u00f6r\u00e4n vanteisiin \u2013 kaksiv\u00e4rinen (2 vanteelle):<\/h2>\n<p><span style=\"color: #ff0000;\"><strong>!! Oletuksena 17-tuumaisille vanteille !!<\/strong><\/span><\/p>\n<p>Tarrasarja Vanneteipit \u2013 Kaksiv\u00e4rinen molempiin vanteisiin sis\u00e4lt\u00e4\u00e4:<\/p>\n<ul>\n<li>2 puoliympyr\u00e4n muotoista tarraa takavanteeseen.<\/li>\n<li>2 puoliympyr\u00e4n muotoista tarraa takavanteeseen.<\/li>\n<\/ul>\n<p>Kaikissa tarroissamme on laminointi, joka takaa niiden pysyvyyden ja kest\u00e4\u00e4 my\u00f6s vesisuihkuja ja UV-s\u00e4teily\u00e4.<br \/>\nLaadukkaat vinyylimme on suunniteltu ja valmistettu Ranskassa. Vannetarrat <strong>Rengas \u2013 Kaksiv\u00e4rinen <\/strong>ovat my\u00f6s ihanteellisia vanteidesi suojaamiseen.<\/p>\n<h3>Vinkkej\u00e4 ja opas 17 tuuman moottoripy\u00f6r\u00e4n vanteiden koristepaketin asentamiseen, rengas:<\/h3>\n<p>Vannetarrat Anneau \u2013 Bicolore ovat eritt\u00e4in helppoja asentaa. Alla on opas, joka auttaa sinua asentamaan Full-tarrasarjan oikein. <span style=\"color: #ff0000;\">Ennen kaikkea, t\u00e4ss\u00e4 ovat varotoimet:<\/span><\/p>\n<ul>\n<li>Tarkista, ett\u00e4 vanne on sile\u00e4.<\/li>\n<li>Puhdista ja rasvanpoista vanne huolellisesti meid\u00e4n <strong><a href=\"https:\/\/www.m-stickers.com\/fi\/tuote-avainsana\/vanteipesunaine\/\">Vannetarrat erikoispuhdistusaine vanteille<\/a><\/strong> ! Tai saippuavedell\u00e4 (ei v\u00e4ltt\u00e4m\u00e4tt\u00e4 riit\u00e4 sitke\u00e4n rasvan poistamiseen) tai alkoholilla. <span style=\"color: #ff0000;\">\u00c4l\u00e4 k\u00e4yt\u00e4 WD40:t\u00e4 tai muita silikonia sis\u00e4lt\u00e4vi\u00e4 tuotteita.\u00a0<\/span>Vanteen on oltava t\u00e4ysin puhdas.<\/li>\n<li>\u00c4l\u00e4 k\u00e4sittele tarroja liimapuolelta.<\/li>\n<li>Jos tarrat eiv\u00e4t ole heti paikallaan, s\u00e4ilyt\u00e4 niit\u00e4 kuivassa paikassa poissa auringonvalolta.<\/li>\n<li>\u00a0Kun asennat, valitse osa, jonka l\u00e4mp\u00f6tila on v\u00e4hint\u00e4\u00e4n 15 \u00b0C, suojassa tuulelta ja p\u00f6lylt\u00e4. Voit my\u00f6s l\u00e4mmitt\u00e4\u00e4 vanteet ennen tarrojen asentamista liiman hyv\u00e4n kiinnittymisen varmistamiseksi. Liian kylm\u00e4 l\u00e4mp\u00f6tila ei mahdollista tarrojen optimaalista tarttumista.<\/li>\n<li>Asennuksen j\u00e4lkeen v\u00e4lt\u00e4 kosketusta kylm\u00e4n ja kosteuden kanssa varmistaaksesi liimojen hyv\u00e4n kiinnittymisen<\/li>\n<\/ul>\n<p>&nbsp;<\/p>\n<p><a href=\"https:\/\/www.m-stickers.com\/fi\/ohje-miten-asentaa-vanteen-koristelautasarja\/\"><strong>Vinkkej\u00e4 ja opas dekaliteimin asennukseen <\/strong><\/a><a href=\"https:\/\/www.m-stickers.com\/fi\/ohje-miten-asentaa-vanteen-koristelautasarja\/\" class=\"button ms-desc-cta ms-cta-tuto\">Asennusopas<\/a><\/p>\n<h4><a href=\"https:\/\/www.youtube.com\/watch?v=0O3GAvq4GVQ\" rel=\"nofollow noopener\" target=\"_blank\">Video-opastus vanteiden koristepakkauksen asentamiseen Renkaat<\/a><\/h4>\n<hr \/>\n<h2>Onko mahdollista mukauttaa Vannetarrani?<\/h2>\n<p>Muokkaa vanneteippien dekosetti\u00e4si efekteill\u00e4mme! Tarjoamme vanneteippisettiisi seuraavat efektit: Holograafinen \/ Valofosforoiva \/ Heijastava \/ Fluoro \/ Kiilt\u00e4v\u00e4 \/ Matta. <strong>-&gt; <a href=\"https:\/\/www.m-stickers.com\/fi\/nos-effets-de-stickers\/\">Tule t\u00e4nne saadaksesi lis\u00e4tietoja tarraefekteist\u00e4mme!<\/a><\/strong><\/p>\n<p>Voit my\u00f6s itse muokata py\u00f6r\u00e4n vanne- ja reunatarroja k\u00e4ytt\u00e4m\u00e4ll\u00e4 meid\u00e4n<strong> <a href=\"https:\/\/www.m-stickers.com\/fi\/categorie-configurator\/\">v\u00e4litt\u00f6m\u00e4sti konfiguroitava! <\/a><a href=\"https:\/\/www.m-stickers.com\/fi\/categorie-configurator\/\" class=\"button ms-desc-cta ms-cta-config\">Configurateur<\/a><\/strong><\/p>\n<hr \/>\n<h3>Tarrasarja vanteisiin 17 tuumaa Rengas, mitk\u00e4 v\u00e4rit mahdollista?<\/h3>\n<p>Moottoripy\u00f6r\u00e4n vanteiden koristelusarjamme ovat saatavilla vakiona seuraavissa v\u00e4reiss\u00e4: valkoinen \/ musta \/ punainen \/ oranssi \/ keltainen \/ vihre\u00e4 \/ syaani \/ sininen \/ vaaleanpunainen. Voit my\u00f6s valita haluamasi v\u00e4rin erityisv\u00e4rioptioomme avulla tai tutustumalla v\u00e4rikarttaamme: <a href=\"https:\/\/www.m-stickers.com\/fi\/nuancier-m-stickers\/\">M-Stickers v\u00e4rivalikoima<\/a><\/p>\n<hr \/>\n<h4>Kysytt\u00e4v\u00e4\u00e4 vanteiden koristepaketista? R\u00e4\u00e4t\u00e4l\u00f6intipyynt\u00f6? Ota rohkeasti yhteytt\u00e4 yhteydenottosivullamme: <a href=\"https:\/\/www.m-stickers.com\/fi\/yhteystiedot\/\" class=\"button ms-desc-cta ms-cta-contact\">Ota yhteytt\u00e4<\/a><\/h4>\n<h4><\/h4>","protected":false},"excerpt":{"rendered":"<h2 style=\"text-align: center;\">Tarrasarjat vanteiden rengas \u2013 kaksiv\u00e4rinen (2 vanteelle)<\/h2>\n<hr \/>\n<h2 style=\"text-align: center;\"><span style=\"color: #ff0000;\"><strong>KIT ANNEAU PERSONNALIS\u00c9<\/strong><\/span><\/h2>\n<h3 style=\"text-align: justify; text-justify: inter-word;\"><strong><a href=\"https:\/\/www.m-stickers.com\/fi\/vpc\/rengaskokoonpanon--p53173\/\">Muokkaa py\u00f6r\u00e4nvannetarrasarjaa useammilla malleilla, v\u00e4reill\u00e4 ja eksklusiivisilla efekteill\u00e4 konfiguraattorimme avulla!<\/a><\/strong><\/h3>\n<h3><strong><a href=\"https:\/\/www.m-stickers.com\/fi\/vpc\/rengaskokoonpanon--p53173\/\" class=\"button ms-desc-cta ms-cta-config\">Configurateur<\/a><\/strong><\/h3>\n<hr \/>\n<h2 style=\"text-align: center;\"><span style=\"color: #ff0000;\"><strong>DECO KIT RENKAILLES<\/strong><\/span><\/h2>","protected":false},"featured_media":14099,"comment_status":"open","ping_status":"closed","template":"","meta":[],"product_brand":[],"product_cat":[132],"product_tag":[354,400,133,127],"class_list":["post-14091","product","type-product","status-publish","has-post-thumbnail","product_cat-kits-full","product_tag-anneau","product_tag-anneaux","product_tag-stickers-full","product_tag-stickers-jantes","entry","has-media","first","instock","taxable","shipping-taxable","purchasable","product-type-variable","has-default-attributes","col","span_1_of_5","owp-content-center","item-entry","owp-thumbs-layout-horizontal","owp-btn-big","owp-tabs-layout-horizontal"],"ase":null,"_links":{"self":[{"href":"https:\/\/www.m-stickers.com\/fi\/wp-json\/wp\/v2\/product\/14091","targetHints":{"allow":["GET"]}}],"collection":[{"href":"https:\/\/www.m-stickers.com\/fi\/wp-json\/wp\/v2\/product"}],"about":[{"href":"https:\/\/www.m-stickers.com\/fi\/wp-json\/wp\/v2\/types\/product"}],"replies":[{"embeddable":true,"href":"https:\/\/www.m-stickers.com\/fi\/wp-json\/wp\/v2\/comments?post=14091"}],"wp:featuredmedia":[{"embeddable":true,"href":"https:\/\/www.m-stickers.com\/fi\/wp-json\/wp\/v2\/media\/14099"}],"wp:attachment":[{"href":"https:\/\/www.m-stickers.com\/fi\/wp-json\/wp\/v2\/media?parent=14091"}],"wp:term":[{"taxonomy":"product_brand","embeddable":true,"href":"https:\/\/www.m-stickers.com\/fi\/wp-json\/wp\/v2\/product_brand?post=14091"},{"taxonomy":"product_cat","embeddable":true,"href":"https:\/\/www.m-stickers.com\/fi\/wp-json\/wp\/v2\/product_cat?post=14091"},{"taxonomy":"product_tag","embeddable":true,"href":"https:\/\/www.m-stickers.com\/fi\/wp-json\/wp\/v2\/product_tag?post=14091"}],"curies":[{"name":"wp","href":"https:\/\/api.w.org\/{rel}","templated":true}]}}