{"id":14957,"date":"2021-09-08T18:20:03","date_gmt":"2021-09-08T16:20:03","guid":{"rendered":"https:\/\/www.m-stickers.com\/?post_type=product&#038;p=14957"},"modified":"2025-03-19T08:27:18","modified_gmt":"2025-03-19T07:27:18","slug":"kit-stickers-de-jantes-suzuki-sv-650-s","status":"publish","type":"product","link":"https:\/\/www.m-stickers.com\/fi\/produit\/kit-stickers-de-jantes-suzuki-sv-650-s\/","title":{"rendered":"Vannetarrat Suzuki SV 650 S"},"content":{"rendered":"<h2>Vannetarrasarja Suzuki SV 650 S (paketti 2 vanteelle)<\/h2>\n<p><strong>Muuta Suzuki SV 650 S:si ulkon\u00e4k\u00f6\u00e4 moottoripy\u00f6r\u00e4n vannetarrasarjallamme, joka on suunniteltu molempiin vanteisiin. T\u00e4m\u00e4 sarja sis\u00e4lt\u00e4\u00e4 kaiken mit\u00e4 tarvitset ainutlaatuiseen ja laadukkaaseen personointiin. Ranskassa valmistettu korkealaatuisesta vinyylist\u00e4, t\u00e4m\u00e4 sarja on saatavana useissa v\u00e4reiss\u00e4 tyyliisi sopivaksi.<\/strong><\/p>\n<p>Vannetarrat Suzuki moottoripy\u00f6r\u00e4 17 tuumaa SV 650 S molempiin vanteisiin sis\u00e4lt\u00e4\u00e4:<\/p>\n<ul>\n<li>20 esitaivutettua 8 mm kapeaa vannetarraa<strong> Suunnittelu 1 <\/strong>(<span style=\"color: #ff0000;\">valitun tarrasarjan v\u00e4rin<\/span>)<\/li>\n<li>10 Suzuki vanteenauhaa ja 10 SV 650 S vanteenauhaa (valkoinen)<\/li>\n<li>4 sis\u00e4ist\u00e4 Suzuki-vannetarraa (valkoinen) \u2013 2 isoa ja 2 pient\u00e4 (koko sovitettu mallin vanteiden mukaan)<\/li>\n<li>4 SV 650 S vanteiden sis\u00e4tarrat (valkoiset) \u2013 2 isoa ja 2 pient\u00e4 (koko sovitettu mallin vanteisiin)<\/li>\n<li>1 Suzuki-logo (<span style=\"color: #ff0000;\">valitun tarrasarjan v\u00e4rin<\/span>) \u2013 Logo 17x10cm<\/li>\n<\/ul>\n<p>*ajoneuvotarrat monomeriliimalla 100\u03bc, jotka mahdollistavat pysyv\u00e4n kiinnityksen, mutta my\u00f6s kest\u00e4vyyden vesisuihkuja ja UV-s\u00e4teily\u00e4 vastaan.<br \/>\nLaadukkaat vinyylimme on suunniteltu ja valmistettu Ranskassa.<\/p>\n<hr \/>\n<h3>Moottoripy\u00f6r\u00e4n vanteiden tarrat Suzuki SV 650 S \u2013 kuinka ne asennetaan?<\/h3>\n<p>Suzuki SV 650 S vanteippien tarrasarja on helppo asentaa. Riippumatta vanteen koosta tai pinta-alasta, prosessi pysyy samana. Alla on opas, joka auttaa sinua asentamaan SV 650 S vanteidesi tarrasarjan oikein. <span style=\"color: #ff0000;\">Ennen kaikkea, t\u00e4ss\u00e4 ovat varotoimet:<\/span><\/p>\n<ul>\n<li>Tarkista, ett\u00e4 vanne on t\u00e4ysin sile\u00e4.<\/li>\n<li>Puhdista vanne huolellisesti ja rasvaa se pois tuotteellamme <a href=\"https:\/\/www.m-stickers.com\/fi\/tuotteet\/moottoripyoran-vanteiden-puhdistusaine-erikoisdekaleille-100ml\/\"><span style=\"color: #ff0000;\"><strong>vanne vanne vanne<\/strong><\/span><\/a>. Tai saippuavedell\u00e4 (ei v\u00e4ltt\u00e4m\u00e4tt\u00e4 poista kaikkia rasvaj\u00e4\u00e4mi\u00e4). Tai alkoholilla. <span style=\"color: #ff0000;\">\u00c4l\u00e4 k\u00e4yt\u00e4 WD40:t\u00e4 tai muita silikonia sis\u00e4lt\u00e4vi\u00e4 tuotteita. <\/span>Vanteen on oltava t\u00e4ysin puhdas.<\/li>\n<li>\u00c4l\u00e4 k\u00e4sittele tarroja liimapuolelta.<\/li>\n<li>Jos tarrat eiv\u00e4t ole heti paikallaan, s\u00e4ilyt\u00e4 niit\u00e4 kuivassa paikassa poissa auringonvalolta.<\/li>\n<li>Kun asennat, valitse osa, jonka l\u00e4mp\u00f6tila on v\u00e4hint\u00e4\u00e4n 15 \u00b0C, suojassa tuulelta ja p\u00f6lylt\u00e4. Voit my\u00f6s l\u00e4mmitt\u00e4\u00e4 vanteet ennen tarrojen asentamista liiman hyv\u00e4n kiinnittymisen varmistamiseksi. Liian kylm\u00e4 l\u00e4mp\u00f6tila ei mahdollista tarrojen optimaalista tarttumista.<\/li>\n<li>Lis\u00e4\u00e4 meid\u00e4n <a href=\"https:\/\/www.m-stickers.com\/fi\/tuotteet\/asennuslasta\/\">rasvakaavetin tarrankiinnitykseen<\/a> tilauksesi mukana, jotta et missaa moottoripy\u00f6r\u00e4n vanne dekallien asentamista<\/li>\n<li>Asennuksen j\u00e4lkeen v\u00e4lt\u00e4 kylm\u00e4\u00e4 ja kosteutta hyv\u00e4n tarttuvuuden varmistamiseksi.<\/li>\n<\/ul>\n<p><strong><a href=\"https:\/\/www.m-stickers.com\/fi\/tuto-miten-asentaa-moottoripyoran-vannetarrat\/\">TUTO t\u00e4ydellinen ohje jantteihin koristepakkauksen asentamiseen <\/a><a href=\"https:\/\/www.m-stickers.com\/fi\/tuto-miten-asentaa-moottoripyoran-vannetarrat\/\" class=\"button ms-desc-cta ms-cta-tuto\">Asennusopas<\/a><\/strong><\/p>\n<h4>Asennusvideo koristepakkaukselle vanteisiin:<\/h4>\n<p><iframe title=\"YouTube-videon toistin\" src=\"https:\/\/www.youtube.com\/embed\/1AJhkFaZIsk\" width=\"1120\" height=\"630\" frameborder=\"0\" allowfullscreen=\"allowfullscreen\" data-mce-fragment=\"1\"><\/iframe><\/p>\n<hr \/>\n<h2>Onko mahdollista muokata Suzuki SV 650 S vanteiden tarroja?<\/h2>\n<ul>\n<li>Muokkaa moottoripy\u00f6r\u00e4n vannetarroja tehosteillamme! Tarjoamme vannetarrapakettiisi tehosteet: Holografinen \/ Fotoluminoiva \/ Heijastava \/ Fluoresoiva \/ Kiilt\u00e4v\u00e4 \/ Matta \/ Vahvistettu \/ Kullattu \/ Hopeoitu. <strong>-&gt; <a href=\"https:\/\/www.m-stickers.com\/fi\/nos-effets-de-stickers\/\">Tule t\u00e4nne saadaksesi lis\u00e4tietoja tarraefekteist\u00e4mme! <\/a><\/strong><\/li>\n<li>Voit my\u00f6s itse mukauttaa vannesarjasi koristeellisen sarjan laajalla valikoimalla malleja meid\u00e4n<strong> <a href=\"https:\/\/www.m-stickers.com\/fi\/categorie-configurator\/\">pikavalitsin<\/a><a href=\"https:\/\/www.m-stickers.com\/fi\/categorie-configurator\/\" class=\"button ms-desc-cta ms-cta-config\">Configurateur<\/a><\/strong><\/li>\n<\/ul>\n<hr \/>\n<h3>Tarrasarja Suzuki SV 650 S vanteisiin, mit\u00e4 v\u00e4rej\u00e4 on saatavilla?<\/h3>\n<ul>\n<li>Moottoripy\u00f6r\u00e4n vannekoristesarjat ovat oletuksena saatavilla seuraavissa v\u00e4reiss\u00e4: Valkoinen \/ Musta \/ Punainen \/ Oranssi \/ Keltainen \/ Vihre\u00e4 \/ Syaani \/ Sininen \/ Pinkki. Voit my\u00f6s valita haluamasi v\u00e4rin mukautetulla v\u00e4rivaihtoehdollamme tai siirtym\u00e4ll\u00e4 konfiguraattoriimme.<\/li>\n<li>Tapaaminen <a href=\"https:\/\/www.m-stickers.com\/fi\/nuancier-m-stickers\/\">t\u00e4ss\u00e4<\/a> l\u00f6yt\u00e4\u00e4ksesi kaikki s\u00e4vyvalintamme kanssa<a href=\"https:\/\/www.m-stickers.com\/fi\/nuancier-m-stickers\/\"><strong> M-Stickers v\u00e4rikartta.<\/strong><\/a><\/li>\n<\/ul>\n<hr \/>\n<h4>Kysytt\u00e4v\u00e4\u00e4 vanteiden koristepaketista? R\u00e4\u00e4t\u00e4l\u00f6intipyynt\u00f6? Ota rohkeasti yhteytt\u00e4 yhteydenottosivullamme: <a href=\"https:\/\/www.m-stickers.com\/fi\/yhteystiedot\/\" class=\"button ms-desc-cta ms-cta-contact\">Ota yhteytt\u00e4<\/a><\/h4>\n<p><span style=\"color: #999999;\"><strong>Avainsanat:<\/strong> Moottoripy\u00f6r\u00e4tarrat, vanteiden tarrat, moottoripy\u00f6r\u00e4n koristepaketti, vanteen tarrat, moottoripy\u00f6r\u00e4n koristepaketti, vanteen tarra, Suzuki SV 650 S, moottoripy\u00f6r\u00e4n personointi, korkealaatuiset vinyylit, tarrojen asennusopas, vanne customointi, tarrojen efektit, mukautetut v\u00e4rit.<\/span><\/p>","protected":false},"excerpt":{"rendered":"<h2 style=\"text-align: center;\">Vannetarrat Suzuki SV 650 S (2 vanteelle)<\/h2>\n<hr \/>\n<h2 style=\"text-align: center;\"><span style=\"color: #ff0000;\"><strong>Muokattu pakkaus<\/strong><\/span><\/h2>\n<h3 style=\"text-align: justify; text-justify: inter-word;\"><strong><a href=\"https:\/\/www.m-stickers.com\/fi\/vpc\/konfiguraattori-suzuki-sv-650-s--p14956\/\">Muokkaa Vanneteippisarjaasi useammalla kuviolla, useammalla v\u00e4rill\u00e4 ja eksklusiivisilla efekteill\u00e4 konfiguraattorimme avulla!<\/a><\/strong><\/h3>\n<h3><strong><a href=\"https:\/\/www.m-stickers.com\/fi\/vpc\/konfiguraattori-suzuki-sv-650-s--p14956\/\" class=\"button ms-desc-cta ms-cta-config\">Configurateur<\/a><\/strong><\/h3>\n<hr \/>\n<h2 style=\"text-align: center;\"><span style=\"color: #ff0000;\"><strong>KORISTESARJA<\/strong><\/span><\/h2>","protected":false},"featured_media":15159,"comment_status":"open","ping_status":"closed","template":"","meta":[],"product_brand":[],"product_cat":[58,15],"product_tag":[137,275,276,274,273],"class_list":["post-14957","product","type-product","status-publish","has-post-thumbnail","product_cat-kits-deco-jantes-suzuki","product_cat-kits-stickers-jantes-moto-complet","product_tag-suzuki","product_tag-sv-650-s","product_tag-sv-650s","product_tag-sv650-s","product_tag-sv650s","entry","has-media","first","instock","taxable","shipping-taxable","purchasable","product-type-variable","has-default-attributes","col","span_1_of_5","owp-content-center","item-entry","owp-thumbs-layout-horizontal","owp-btn-big","owp-tabs-layout-horizontal"],"ase":null,"_links":{"self":[{"href":"https:\/\/www.m-stickers.com\/fi\/wp-json\/wp\/v2\/product\/14957","targetHints":{"allow":["GET"]}}],"collection":[{"href":"https:\/\/www.m-stickers.com\/fi\/wp-json\/wp\/v2\/product"}],"about":[{"href":"https:\/\/www.m-stickers.com\/fi\/wp-json\/wp\/v2\/types\/product"}],"replies":[{"embeddable":true,"href":"https:\/\/www.m-stickers.com\/fi\/wp-json\/wp\/v2\/comments?post=14957"}],"wp:featuredmedia":[{"embeddable":true,"href":"https:\/\/www.m-stickers.com\/fi\/wp-json\/wp\/v2\/media\/15159"}],"wp:attachment":[{"href":"https:\/\/www.m-stickers.com\/fi\/wp-json\/wp\/v2\/media?parent=14957"}],"wp:term":[{"taxonomy":"product_brand","embeddable":true,"href":"https:\/\/www.m-stickers.com\/fi\/wp-json\/wp\/v2\/product_brand?post=14957"},{"taxonomy":"product_cat","embeddable":true,"href":"https:\/\/www.m-stickers.com\/fi\/wp-json\/wp\/v2\/product_cat?post=14957"},{"taxonomy":"product_tag","embeddable":true,"href":"https:\/\/www.m-stickers.com\/fi\/wp-json\/wp\/v2\/product_tag?post=14957"}],"curies":[{"name":"wp","href":"https:\/\/api.w.org\/{rel}","templated":true}]}}