{"id":26123,"date":"2022-03-18T09:06:40","date_gmt":"2022-03-18T08:06:40","guid":{"rendered":"https:\/\/www.m-stickers.com\/?post_type=product&#038;p=26123"},"modified":"2025-03-19T08:28:06","modified_gmt":"2025-03-19T07:28:06","slug":"vannetarrat-ktm-1290-adventure-r","status":"publish","type":"product","link":"https:\/\/www.m-stickers.com\/fi\/produit\/stickers-jante-ktm-1290-adventure-r\/","title":{"rendered":"Vannetarrat KTM 1290 Adventure R"},"content":{"rendered":"<h2>Vannetarrat KTM 1290 Adventure R (pakkaus 2 vanteelle)<\/h2>\n<p><strong>Muuta KTM 1290 Adventure R:si ulkon\u00e4k\u00f6\u00e4 Vanteiden Tarrasarja-pakkauksella, joka on suunniteltu molemmille vanteille, t\u00e4m\u00e4 pakkaus sis\u00e4lt\u00e4\u00e4 kaiken mit\u00e4 tarvitset ainutlaatuiseen ja laadukkaaseen personointiin. Valmistettu Ranskassa korkealaatuisista vinyyleist\u00e4, t\u00e4m\u00e4 tarrasarja on saatavana useissa v\u00e4reiss\u00e4 tyyliisi sopivaksi.<\/strong><\/p>\n<p>Vannetarrat moottoripy\u00f6r\u00e4n 17 tuuman vanteisiin KTM 1290 Adventure R molemmille vanteille sis\u00e4lt\u00e4\u00e4:<\/p>\n<ul>\n<li>20 esitaivutettua 8 mm kapeaa vannetarraa<strong> Suunnittelu 1 <\/strong>(<span style=\"color: #ff0000;\">valitun tarrasarjan v\u00e4rin<\/span>)<\/li>\n<li>10 KTM vanneteippisarjaa ja 10 vanneteippisarjaa 1290 Adventure R (valkoinen)<\/li>\n<li>4 KTM vanteiden sis\u00e4tarrat (valkoiset) \u2013 2 isoa ja 2 pient\u00e4 (koko sovitettu mallin vanteiden mukaan)<\/li>\n<li>4 Vannetarraa 1290 Adventure R (valkoinen) \u2013 2 isoa ja 2 pient\u00e4 (koko sovitettu mallin vanteisiin)<\/li>\n<li>1 KTM-logo (<span style=\"color: #ff0000;\">valitun tarrasarjan v\u00e4rin<\/span>) \u2013 Logo 17x10cm<\/li>\n<\/ul>\n<p>*ajoneuvotarrat monomeriliimalla 100\u03bc, jotka mahdollistavat pysyv\u00e4n kiinnityksen, mutta my\u00f6s kest\u00e4vyyden vesisuihkuja ja UV-s\u00e4teily\u00e4 vastaan.<br \/>\nLaadukkaat vinyylimme on suunniteltu ja valmistettu Ranskassa.<\/p>\n<hr \/>\n<h3>Vannetarrat moottoripy\u00f6r\u00e4\u00e4n KTM 1290 Adventure R \u2013 miten ne asennetaan?<\/h3>\n<p>Tarrasarja KTM 1290 Adventure R -vanteiden tarroille on helppo asentaa. Vanteen koosta tai pinnasta riippumatta prosessi pysyy samana. Alla l\u00f6yd\u00e4t opetusohjelman, joka auttaa sinua asentamaan 1290 Adventure R -vanteiden tarrasarjan oikein. <span style=\"color: #ff0000;\">Ennen kaikkea, t\u00e4ss\u00e4 ovat varotoimet:<\/span><\/p>\n<ul>\n<li>Tarkista, ett\u00e4 vanne on t\u00e4ysin sile\u00e4.<\/li>\n<li>Puhdista vanne huolellisesti ja rasvaa se pois tuotteellamme <a href=\"https:\/\/www.m-stickers.com\/fi\/tuotteet\/moottoripyoran-vanteiden-puhdistusaine-erikoisdekaleille-100ml\/\"><span style=\"color: #ff0000;\"><strong>vanne vanne vanne<\/strong><\/span><\/a>. Tai saippuavedell\u00e4 (ei v\u00e4ltt\u00e4m\u00e4tt\u00e4 poista kaikkia rasvaj\u00e4\u00e4mi\u00e4). Tai alkoholilla. <span style=\"color: #ff0000;\">\u00c4l\u00e4 k\u00e4yt\u00e4 WD40:t\u00e4 tai muita silikonia sis\u00e4lt\u00e4vi\u00e4 tuotteita. <\/span>Vanteen on oltava t\u00e4ysin puhdas.<\/li>\n<li>\u00c4l\u00e4 k\u00e4sittele tarroja liimapuolelta.<\/li>\n<li>Jos tarrat eiv\u00e4t ole heti paikallaan, s\u00e4ilyt\u00e4 niit\u00e4 kuivassa paikassa poissa auringonvalolta.<\/li>\n<li> Kun asennat, valitse osa, jonka l\u00e4mp\u00f6tila on v\u00e4hint\u00e4\u00e4n 15 \u00b0C, suojassa tuulelta ja p\u00f6lylt\u00e4. Voit my\u00f6s l\u00e4mmitt\u00e4\u00e4 vanteet ennen tarrojen asentamista liiman hyv\u00e4n kiinnittymisen varmistamiseksi. Liian kylm\u00e4 l\u00e4mp\u00f6tila ei mahdollista tarrojen optimaalista tarttumista.<\/li>\n<li>Lis\u00e4\u00e4 meid\u00e4n <a href=\"https:\/\/www.m-stickers.com\/fi\/tuotteet\/asennuslasta\/\">rasvakaavetin tarrankiinnitykseen<\/a> tilauksesi mukana, jotta et missaa moottoripy\u00f6r\u00e4n vanne dekallien asentamista<\/li>\n<li>Asennuksen j\u00e4lkeen v\u00e4lt\u00e4 kylm\u00e4\u00e4 ja kosteutta hyv\u00e4n tarttuvuuden varmistamiseksi.<\/li>\n<\/ul>\n<p><strong><a href=\"https:\/\/www.m-stickers.com\/fi\/tuto-miten-asentaa-moottoripyoran-vannetarrat\/\">TUTO t\u00e4ydellinen ohje jantteihin koristepakkauksen asentamiseen <\/a><a href=\"https:\/\/www.m-stickers.com\/fi\/tuto-miten-asentaa-moottoripyoran-vannetarrat\/\"><img decoding=\"async\" class=\"alignnone wp-image-6382\" src=\"https:\/\/www.m-stickers.com\/wp-content\/uploads\/2021\/01\/bouton-tuto-300x74.png\" alt=\"\" width=\"150\" height=\"37\" title=\"\" srcset=\"https:\/\/www.m-stickers.com\/wp-content\/uploads\/2021\/01\/bouton-tuto-300x74.png 300w, https:\/\/www.m-stickers.com\/wp-content\/uploads\/2021\/01\/bouton-tuto.png 413w\" sizes=\"(max-width: 150px) 100vw, 150px\" \/><\/a><\/strong><\/p>\n<h4>Asennusvideo koristepakkaukselle vanteisiin:<\/h4>\n<p><iframe title=\"YouTube-videon toistin\" src=\"https:\/\/www.youtube.com\/embed\/1AJhkFaZIsk\" width=\"1120\" height=\"630\" frameborder=\"0\" allowfullscreen=\"allowfullscreen\" data-mce-fragment=\"1\"><\/iframe><\/p>\n<hr \/>\n<h2>Onnistuuko KTM 1290 Adventure R Vannetarrojen personointi?<\/h2>\n<ul>\n<li>Muokkaa moottoripy\u00f6r\u00e4n vannetarroja tehosteillamme! Tarjoamme vannetarrapakettiisi tehosteet: Holografinen \/ Fotoluminoiva \/ Heijastava \/ Fluoresoiva \/ Kiilt\u00e4v\u00e4 \/ Matta \/ Vahvistettu \/ Kullattu \/ Hopeoitu. <strong>-&gt; <a href=\"https:\/\/www.m-stickers.com\/fi\/nos-effets-de-stickers\/\">Tule t\u00e4nne saadaksesi lis\u00e4tietoja tarraefekteist\u00e4mme! <\/a><\/strong><\/li>\n<li>Voit my\u00f6s itse mukauttaa vannesarjasi koristeellisen sarjan laajalla valikoimalla malleja meid\u00e4n<strong> <a href=\"https:\/\/www.m-stickers.com\/fi\/categorie-configurator\/\">pikavalitsin<\/a><a href=\"https:\/\/www.m-stickers.com\/fi\/categorie-configurator\/\"><img decoding=\"async\" class=\"alignnone wp-image-6380\" src=\"https:\/\/www.m-stickers.com\/wp-content\/uploads\/2021\/01\/bouton-configurator-3-300x74.png\" alt=\"\" width=\"150\" height=\"37\" title=\"\" srcset=\"https:\/\/www.m-stickers.com\/wp-content\/uploads\/2021\/01\/bouton-configurator-3-300x74.png 300w, https:\/\/www.m-stickers.com\/wp-content\/uploads\/2021\/01\/bouton-configurator-3.png 413w\" sizes=\"(max-width: 150px) 100vw, 150px\" \/><\/a><\/strong><\/li>\n<\/ul>\n<hr \/>\n<h3>Tarrasarja KTM 1290 Adventure R Vannetarrat, mit\u00e4 v\u00e4rej\u00e4 saatavilla?<\/h3>\n<ul>\n<li>Moottoripy\u00f6r\u00e4n vannekoristesarjat ovat oletuksena saatavilla seuraavissa v\u00e4reiss\u00e4: Valkoinen \/ Musta \/ Punainen \/ Oranssi \/ Keltainen \/ Vihre\u00e4 \/ Syaani \/ Sininen \/ Pinkki. Voit my\u00f6s valita haluamasi v\u00e4rin mukautetulla v\u00e4rivaihtoehdollamme tai siirtym\u00e4ll\u00e4 konfiguraattoriimme.<\/li>\n<li>Tapaaminen <a href=\"https:\/\/www.m-stickers.com\/fi\/nuancier-m-stickers\/\">t\u00e4ss\u00e4<\/a> l\u00f6yt\u00e4\u00e4ksesi kaikki s\u00e4vyvalintamme kanssa<a href=\"https:\/\/www.m-stickers.com\/fi\/nuancier-m-stickers\/\"><strong> M-Stickers v\u00e4rikartta.<\/strong><\/a><\/li>\n<\/ul>\n<hr \/>\n<h4>Kysytt\u00e4v\u00e4\u00e4 vanteiden koristepaketista? R\u00e4\u00e4t\u00e4l\u00f6intipyynt\u00f6? Ota rohkeasti yhteytt\u00e4 yhteydenottosivullamme: <a href=\"https:\/\/www.m-stickers.com\/fi\/yhteystiedot\/\"><img decoding=\"async\" class=\"alignnone wp-image-6381\" src=\"https:\/\/www.m-stickers.com\/wp-content\/uploads\/2021\/01\/bouton-contact-300x74.png\" alt=\"\" width=\"150\" height=\"37\" title=\"\" srcset=\"https:\/\/www.m-stickers.com\/wp-content\/uploads\/2021\/01\/bouton-contact-300x74.png 300w, https:\/\/www.m-stickers.com\/wp-content\/uploads\/2021\/01\/bouton-contact.png 413w\" sizes=\"(max-width: 150px) 100vw, 150px\" \/><\/a><\/h4>\n<p><span style=\"color: #999999;\"><strong>Avainsanat:<\/strong> Moottoripy\u00f6r\u00e4tarrat, Vannetarrat, Moottoripy\u00f6r\u00e4n tarrasarjat, Vannetarrat, Moottoripy\u00f6r\u00e4n tarrasarjat, Vannetarrat, KTM 1290 Adventure R, Moottoripy\u00f6r\u00e4n personointi, korkealaatuiset vinyylit, Tarran asennusopas, Vanteiden personointi, Tarratehosteet, r\u00e4\u00e4t\u00e4l\u00f6idyt v\u00e4rit.<\/span><\/p>","protected":false},"excerpt":{"rendered":"<h2 style=\"text-align: center;\">Vannetarrat KTM 1290 Adventure R (2 vanteelle)<\/h2>\n<hr \/>\n<h2 style=\"text-align: center;\"><span style=\"color: #ff0000;\"><strong>Muokattu pakkaus<\/strong><\/span><\/h2>\n<h3 style=\"text-align: justify; text-justify: inter-word;\"><strong><a href=\"https:\/\/www.m-stickers.com\/fi\/vpc\/konfiguraattori-ktm-adventure-1290-r--p26118\/\">Muokkaa Vanneteippisarjaasi useammalla kuviolla, useammalla v\u00e4rill\u00e4 ja eksklusiivisilla efekteill\u00e4 konfiguraattorimme avulla!<\/a><\/strong><\/h3>\n<h3><strong><a href=\"https:\/\/www.m-stickers.com\/fi\/vpc\/konfiguraattori-ktm-adventure-1290-r--p26118\/\"><img loading=\"lazy\" decoding=\"async\" class=\"alignnone wp-image-6380 aligncenter\" src=\"https:\/\/www.m-stickers.com\/wp-content\/uploads\/2021\/01\/bouton-configurator-3-300x74.png\" alt=\"\" width=\"150\" height=\"37\" srcset=\"https:\/\/www.m-stickers.com\/wp-content\/uploads\/2021\/01\/bouton-configurator-3-300x74.png 300w, https:\/\/www.m-stickers.com\/wp-content\/uploads\/2021\/01\/bouton-configurator-3.png 413w\" sizes=\"(max-width: 150px) 100vw, 150px\" \/><\/a><\/strong><\/h3>\n<hr \/>\n<h2 style=\"text-align: center;\"><span style=\"color: #ff0000;\"><strong>KORISTESARJA<\/strong><\/span><\/h2>","protected":false},"featured_media":26139,"comment_status":"open","ping_status":"closed","template":"","meta":[],"product_brand":[],"product_cat":[59,15],"product_tag":[478,1091,527,528,208,127,129],"class_list":["post-26123","product","type-product","status-publish","has-post-thumbnail","product_cat-kit-deco-jantes-ktm","product_cat-kits-stickers-jantes-moto-complet","product_tag-478","product_tag-1290-adventure-r","product_tag-1290-r","product_tag-1290r","product_tag-adventurer","product_tag-stickers-jantes","product_tag-stickers-jantes-ktm","entry","has-media","first","instock","taxable","shipping-taxable","purchasable","product-type-variable","has-default-attributes","col","span_1_of_5","owp-content-center","item-entry","owp-thumbs-layout-horizontal","owp-btn-big","owp-tabs-layout-horizontal"],"ase":null,"_links":{"self":[{"href":"https:\/\/www.m-stickers.com\/fi\/wp-json\/wp\/v2\/product\/26123","targetHints":{"allow":["GET"]}}],"collection":[{"href":"https:\/\/www.m-stickers.com\/fi\/wp-json\/wp\/v2\/product"}],"about":[{"href":"https:\/\/www.m-stickers.com\/fi\/wp-json\/wp\/v2\/types\/product"}],"replies":[{"embeddable":true,"href":"https:\/\/www.m-stickers.com\/fi\/wp-json\/wp\/v2\/comments?post=26123"}],"wp:featuredmedia":[{"embeddable":true,"href":"https:\/\/www.m-stickers.com\/fi\/wp-json\/wp\/v2\/media\/26139"}],"wp:attachment":[{"href":"https:\/\/www.m-stickers.com\/fi\/wp-json\/wp\/v2\/media?parent=26123"}],"wp:term":[{"taxonomy":"product_brand","embeddable":true,"href":"https:\/\/www.m-stickers.com\/fi\/wp-json\/wp\/v2\/product_brand?post=26123"},{"taxonomy":"product_cat","embeddable":true,"href":"https:\/\/www.m-stickers.com\/fi\/wp-json\/wp\/v2\/product_cat?post=26123"},{"taxonomy":"product_tag","embeddable":true,"href":"https:\/\/www.m-stickers.com\/fi\/wp-json\/wp\/v2\/product_tag?post=26123"}],"curies":[{"name":"wp","href":"https:\/\/api.w.org\/{rel}","templated":true}]}}