{"id":40471,"date":"2022-12-12T14:14:03","date_gmt":"2022-12-12T13:14:03","guid":{"rendered":"https:\/\/www.m-stickers.com\/?post_type=product&#038;p=40471"},"modified":"2025-06-11T10:35:48","modified_gmt":"2025-06-11T08:35:48","slug":"vannetarrat-suzuki-bandit-kirkkaankeltainen-poistoera","status":"publish","type":"product","link":"https:\/\/www.m-stickers.com\/fi\/produit\/stickers-de-jante-suzuki-bandit-jaune-fluo-destockage\/","title":{"rendered":"Vannetarrat Suzuki Bandit \u2013 Keltainen Neon (Poistoer\u00e4)"},"content":{"rendered":"<h2><strong><span style=\"color: #ff0000;\">Varaston tyhjennys<\/span><\/strong><\/h2>\n<h2>Vannetarrat Suzuki Bandit \u2013 Kellert\u00e4v\u00e4n keltainen (setti 2 vannetta varten <strong>musta<\/strong>)\u00a0 :<\/h2>\n<p>Suzuki Bandit 17-tuumaiset vannetarrasarjat moottoripy\u00f6r\u00e4n vanteille molemmille vanteille musta sis\u00e4lt\u00e4\u00e4:<\/p>\n<ul>\n<li>8 mm esitaivutetut vanneteipit 8 pienell\u00e4 Bandit-tarralla ja 8 pienell\u00e4 Suzuki-tarralla 2 vanteelle<\/li>\n<li>4 Vannetarrat Bandit<\/li>\n<li>4 Vannetarraa Suzuki<\/li>\n<li>1 Suzuki logot<\/li>\n<li>8 ylim\u00e4\u00e4r\u00e4ist\u00e4 Vannetarraa design 1<\/li>\n<li>Ammattimainen laatu pysyv\u00e4ll\u00e4 pidolla*<\/li>\n<\/ul>\n<p>*liimatarrat, joissa on 100 mikronin monomeeriliima, joka mahdollistaa pysyv\u00e4n kiinnityksen sek\u00e4 veden- ja UV-s\u00e4teilyn kest\u00e4vyyden.<br \/>\nLaadukkaat vinyylimme on suunniteltu ja valmistettu Ranskassa.<\/p>\n<hr \/>\n<h3>Suzuki Bandit moottoripy\u00f6r\u00e4n vannetarrat \u2013 miten ne asennetaan?<\/h3>\n<p>Tarrasarjat Suzuki Bandit -vanteille on helppo asentaa, vanteen koosta tai pinnasta riippumatta, prosessi pysyy samana. L\u00f6yd\u00e4t alta tutoriaalin, joka auttaa sinua asentamaan Bandit -vannetarrasarjasi oikein. Ennen kaikkea, t\u00e4ss\u00e4 ovat varotoimet:<\/p>\n<ul>\n<li>Tarkista, ett\u00e4 vanne on t\u00e4ysin sile\u00e4.<\/li>\n<li>Puhdista vanne huolellisesti, rasvanpoisto saippuavedell\u00e4\/alkoholilla. \u00c4l\u00e4 k\u00e4yt\u00e4 WD40:t\u00e4 tai muita silikonia sis\u00e4lt\u00e4vi\u00e4 tuotteita. Vanteen on oltava t\u00e4ysin puhdas.<\/li>\n<li>\u00c4l\u00e4 k\u00e4sittele tarroja liimapuolelta.<\/li>\n<li>Jos tarrat eiv\u00e4t ole heti paikallaan, s\u00e4ilyt\u00e4 niit\u00e4 kuivassa paikassa poissa auringonvalolta.<\/li>\n<li>\u00a0Kun asennat, valitse osa, jonka l\u00e4mp\u00f6tila on v\u00e4hint\u00e4\u00e4n 15 \u00b0C, suojassa tuulelta ja p\u00f6lylt\u00e4. Voit my\u00f6s l\u00e4mmitt\u00e4\u00e4 vanteet ennen tarrojen asentamista liiman hyv\u00e4n kiinnittymisen varmistamiseksi. Liian kylm\u00e4 l\u00e4mp\u00f6tila ei mahdollista tarrojen optimaalista tarttumista.<\/li>\n<li>Lis\u00e4\u00e4 meid\u00e4n\u00a0<a href=\"https:\/\/www.m-stickers.com\/fi\/tuotteet\/asennuslasta\/\">rasvakaavetin tarrankiinnitykseen<\/a>\u00a0tilauksesi mukana, jotta et missaa moottoripy\u00f6r\u00e4n vanne dekallien asentamista<\/li>\n<li>Asennuksen j\u00e4lkeen v\u00e4lt\u00e4 kosketusta kylm\u00e4n ja kosteuden kanssa varmistaaksesi liimojen hyv\u00e4n kiinnittymisen<\/li>\n<\/ul>","protected":false},"excerpt":{"rendered":"<h2><span style=\"color: #ff0000;\">Varaston tyhjennys<\/span><\/h2>\n<h2>Vannetarrat Suzuki Bandit \u2013 Keltainen Neon (pakkaus 2 vanteelle, musta)<\/h2>\n<p>Suzuki Bandit 17-tuumaiset vannetarrasarjat moottoripy\u00f6r\u00e4n vanteille molemmille vanteille musta sis\u00e4lt\u00e4\u00e4:<\/p>\n<ul>\n<li>8 mm valmiiksi muotoillut vanneteipit, joissa 8 pient\u00e4 Bandit-tarraa ja 8 pient\u00e4 Suzuki-tarraa molempiin vanteisiin<\/li>\n<li>4 Vannetarrat Bandit<\/li>\n<li>4 Vannetarraa Suzuki<\/li>\n<li>1 Suzuki logot<\/li>\n<li>8 lis\u00e4tarraa Design 1<\/li>\n<li>Ammattimainen laatu pysyv\u00e4ll\u00e4 pidolla*<\/li>\n<\/ul>\n<p>*liimatarrat, joissa on 100 mikronin monomeeriliima, joka mahdollistaa pysyv\u00e4n kiinnityksen sek\u00e4 veden- ja UV-s\u00e4teilyn kest\u00e4vyyden.<br \/>\nLaadukkaat vinyylimme on suunniteltu ja valmistettu Ranskassa.<\/p>\n<p><span style=\"color: #ff0000;\">KELTAINEN FLUO\u00a0<\/span><\/p>","protected":false},"featured_media":40475,"comment_status":"open","ping_status":"closed","template":"","meta":[],"product_brand":[],"product_cat":[929,938],"product_tag":[931,933,932,934,935],"class_list":["post-40471","product","type-product","status-publish","has-post-thumbnail","product_cat-destockage","product_cat-sticker-suzuki-pas-cher","product_tag-destockage","product_tag-promo","product_tag-promotion","product_tag-promotions","product_tag-reduction","entry","has-media","first","outofstock","sale","taxable","shipping-taxable","purchasable","product-type-simple","col","span_1_of_5","owp-content-center","item-entry","owp-thumbs-layout-horizontal","owp-btn-big","owp-tabs-layout-horizontal","has-no-thumbnails"],"ase":null,"_links":{"self":[{"href":"https:\/\/www.m-stickers.com\/fi\/wp-json\/wp\/v2\/product\/40471","targetHints":{"allow":["GET"]}}],"collection":[{"href":"https:\/\/www.m-stickers.com\/fi\/wp-json\/wp\/v2\/product"}],"about":[{"href":"https:\/\/www.m-stickers.com\/fi\/wp-json\/wp\/v2\/types\/product"}],"replies":[{"embeddable":true,"href":"https:\/\/www.m-stickers.com\/fi\/wp-json\/wp\/v2\/comments?post=40471"}],"wp:featuredmedia":[{"embeddable":true,"href":"https:\/\/www.m-stickers.com\/fi\/wp-json\/wp\/v2\/media\/40475"}],"wp:attachment":[{"href":"https:\/\/www.m-stickers.com\/fi\/wp-json\/wp\/v2\/media?parent=40471"}],"wp:term":[{"taxonomy":"product_brand","embeddable":true,"href":"https:\/\/www.m-stickers.com\/fi\/wp-json\/wp\/v2\/product_brand?post=40471"},{"taxonomy":"product_cat","embeddable":true,"href":"https:\/\/www.m-stickers.com\/fi\/wp-json\/wp\/v2\/product_cat?post=40471"},{"taxonomy":"product_tag","embeddable":true,"href":"https:\/\/www.m-stickers.com\/fi\/wp-json\/wp\/v2\/product_tag?post=40471"}],"curies":[{"name":"wp","href":"https:\/\/api.w.org\/{rel}","templated":true}]}}