{"id":46278,"date":"2023-06-06T15:52:47","date_gmt":"2023-06-06T13:52:47","guid":{"rendered":"https:\/\/www.m-stickers.com\/?post_type=product&#038;p=46278"},"modified":"2025-02-25T16:37:36","modified_gmt":"2025-02-25T15:37:36","slug":"stickers-jantes-ktm-duke-790-orange-retro-reflechissant-destockage","status":"publish","type":"product","link":"https:\/\/www.m-stickers.com\/fi\/produit\/stickers-jantes-ktm-duke-790-orange-retro-reflechissant-destockage\/","title":{"rendered":"Vannetarrat KTM Duke 790 \u2013 Oranssit \u2013 Fluoresoiva \/ Kromi (Varaston tyhjennys)"},"content":{"rendered":"<h2>Vannetarrat KTM Duke 790 (pakkaus 2 vanteelle)<\/h2>\n<p>Vannetarrasarjat 17 tuuman KTM Duke 790 moottoripy\u00f6r\u00e4n vanteille molemmille vanteille sis\u00e4lt\u00e4\u00e4:<\/p>\n<ul>\n<li>8 mm esitaivante reunatarrat 8 pienell\u00e4 Racing-tarralla ja 8 pienell\u00e4 790-tarralla 790 Duke -malliin 2 vanteelle<\/li>\n<li>1 KTM-logo<\/li>\n<li>Ammattimainen laatu pysyv\u00e4ll\u00e4 pidolla*<\/li>\n<\/ul>\n<p>*liimatarrat, joissa on 100 mikronin monomeeriliima, joka mahdollistaa pysyv\u00e4n kiinnityksen sek\u00e4 veden- ja UV-s\u00e4teilyn kest\u00e4vyyden.<br \/>\nLaadukkaat vinyylimme on suunniteltu ja valmistettu Ranskassa.<\/p>\n<hr \/>\n<h3>Vannetarrat KTM Duke 790 \u2013 miten ne asennetaan?<\/h3>\n<p>KTM Duke 790 -vanteippien asennussarja on helppo asentaa, koosta tai vanteen pinnasta riippumatta, prosessi pysyy samana. L\u00f6yd\u00e4t alta opetusohjelman, joka auttaa sinua asentamaan KTM Duke 790 -vanteippien asennussarjan oikein. Ennen kaikkea, t\u00e4ss\u00e4 ovat varotoimet, joihin on ryhdytt\u00e4v\u00e4:<\/p>\n<ul>\n<li>Tarkista, ett\u00e4 vanne on t\u00e4ysin sile\u00e4.<\/li>\n<li>Puhdista vanne huolellisesti, rasvanpoisto saippuavedell\u00e4\/alkoholilla. \u00c4l\u00e4 k\u00e4yt\u00e4 WD40:t\u00e4 tai muita silikonia sis\u00e4lt\u00e4vi\u00e4 tuotteita. Vanteen on oltava t\u00e4ysin puhdas.<\/li>\n<li>\u00c4l\u00e4 k\u00e4sittele tarroja liimapuolelta.<\/li>\n<li>Jos tarrat eiv\u00e4t ole heti paikallaan, s\u00e4ilyt\u00e4 niit\u00e4 kuivassa paikassa poissa auringonvalolta.<\/li>\n<li>\u00a0Kun asennat, valitse osa, jonka l\u00e4mp\u00f6tila on v\u00e4hint\u00e4\u00e4n 15 \u00b0C, suojassa tuulelta ja p\u00f6lylt\u00e4. Voit my\u00f6s l\u00e4mmitt\u00e4\u00e4 vanteet ennen tarrojen asentamista liiman hyv\u00e4n kiinnittymisen varmistamiseksi. Liian kylm\u00e4 l\u00e4mp\u00f6tila ei mahdollista tarrojen optimaalista tarttumista.<\/li>\n<li>Lis\u00e4\u00e4 meid\u00e4n\u00a0<a href=\"https:\/\/www.m-stickers.com\/fi\/tuotteet\/asennuslasta\/\">rasvakaavetin tarrankiinnitykseen<\/a>\u00a0tilauksesi mukana, jotta et missaa moottoripy\u00f6r\u00e4n vanne dekallien asentamista<\/li>\n<li>Asennuksen j\u00e4lkeen v\u00e4lt\u00e4 kontaktia kylm\u00e4n ja kosteuden kanssa liimojen hyv\u00e4n pysyvyyden varmistamiseksi.<\/li>\n<\/ul>\n<h2><a style=\"font-size: 16px\" href=\"https:\/\/www.m-stickers.com\/fi\/yhteystiedot\/\" class=\"button ms-desc-cta\">Ota yhteytt\u00e4<\/a><\/h2>","protected":false},"excerpt":{"rendered":"<h2>Vannetarrat KTM Duke 790 (2 vanteelle):<\/h2>\n<p>Vannetarrasarjat 17 tuuman KTM Duke 790 moottoripy\u00f6r\u00e4n vanteille molemmille vanteille sis\u00e4lt\u00e4\u00e4:<\/p>\n<ul>\n<li>8 mm esitaivante reunatarrat 8 pienell\u00e4 Racing-tarralla ja 8 pienell\u00e4 790-tarralla 790 Duke -malliin 2 vanteelle<\/li>\n<li>1 KTM-logo<\/li>\n<li>Ammattimainen laatu pysyv\u00e4ll\u00e4 pidolla*<\/li>\n<\/ul>\n<p>Korkealaatuiset, pysyv\u00e4sti kiinnittyv\u00e4t, s\u00e4\u00e4n- ja UV-kest\u00e4v\u00e4t, 100% ranskalaiset ja intohimoisten moottoripy\u00f6r\u00e4ilij\u00f6iden suunnittelemat.<\/p>","protected":false},"featured_media":58152,"comment_status":"open","ping_status":"closed","template":"","meta":[],"product_brand":[],"product_cat":[929,940],"product_tag":[1048,1047,213,935,1158],"class_list":["post-46278","product","type-product","status-publish","has-post-thumbnail","product_cat-destockage","product_cat-stickers-ktm-pas-cher","product_tag-1048","product_tag-duke-790","product_tag-ktm","product_tag-reduction","product_tag-reductions","entry","has-media","first","instock","sale","taxable","shipping-taxable","purchasable","product-type-variable","col","span_1_of_5","owp-content-center","item-entry","owp-thumbs-layout-horizontal","owp-btn-big","owp-tabs-layout-horizontal","has-no-thumbnails"],"ase":null,"_links":{"self":[{"href":"https:\/\/www.m-stickers.com\/fi\/wp-json\/wp\/v2\/product\/46278","targetHints":{"allow":["GET"]}}],"collection":[{"href":"https:\/\/www.m-stickers.com\/fi\/wp-json\/wp\/v2\/product"}],"about":[{"href":"https:\/\/www.m-stickers.com\/fi\/wp-json\/wp\/v2\/types\/product"}],"replies":[{"embeddable":true,"href":"https:\/\/www.m-stickers.com\/fi\/wp-json\/wp\/v2\/comments?post=46278"}],"wp:featuredmedia":[{"embeddable":true,"href":"https:\/\/www.m-stickers.com\/fi\/wp-json\/wp\/v2\/media\/58152"}],"wp:attachment":[{"href":"https:\/\/www.m-stickers.com\/fi\/wp-json\/wp\/v2\/media?parent=46278"}],"wp:term":[{"taxonomy":"product_brand","embeddable":true,"href":"https:\/\/www.m-stickers.com\/fi\/wp-json\/wp\/v2\/product_brand?post=46278"},{"taxonomy":"product_cat","embeddable":true,"href":"https:\/\/www.m-stickers.com\/fi\/wp-json\/wp\/v2\/product_cat?post=46278"},{"taxonomy":"product_tag","embeddable":true,"href":"https:\/\/www.m-stickers.com\/fi\/wp-json\/wp\/v2\/product_tag?post=46278"}],"curies":[{"name":"wp","href":"https:\/\/api.w.org\/{rel}","templated":true}]}}