{"id":60211,"date":"2024-10-17T14:31:57","date_gmt":"2024-10-17T12:31:57","guid":{"rendered":"https:\/\/www.m-stickers.com\/?post_type=product&#038;p=60211"},"modified":"2026-03-15T20:14:50","modified_gmt":"2026-03-15T19:14:50","slug":"falgstripning-honda-vfr-800-utforsaljning-kopia","status":"publish","type":"product","link":"https:\/\/www.m-stickers.com\/sv\/produit\/liserets-de-jantes-honda-vfr-800-destockage-copie\/","title":{"rendered":"f\u00e4lgdekor Honda VFR 800 R\u00f6d &amp; Vit \u2013 Rea"},"content":{"rendered":"<h2><span style=\"color: #ff0000;\">Utf\u00f6rs\u00e4ljning\u00a0<\/span><\/h2>\n<p data-start=\"513\" data-end=\"691\">Ge din motorcykel en racing- och elegant touch med detta <strong data-start=\"573\" data-end=\"631\">dekalstrip till f\u00e4lgar Honda VFR 800 r\u00f6d och vit<\/strong>, speciellt designad f\u00f6r <strong data-start=\"661\" data-end=\"688\">sv: svarta 17-tums f\u00e4lgar<\/strong>.<\/p>\n<p data-start=\"693\" data-end=\"735\">Detta kompletta paket f\u00f6r 2 f\u00e4lg(ar) inneh\u00e5ller:<\/p>\n<ul data-start=\"736\" data-end=\"1013\">\n<li data-start=\"736\" data-end=\"788\">\n<p data-start=\"738\" data-end=\"788\">20 f\u00f6rb\u00f6jda f\u00e4lgband 8 mm \u2013 Design 1 r\u00f6d<\/p>\n<\/li>\n<li data-start=\"789\" data-end=\"817\">\n<p data-start=\"791\" data-end=\"817\">10 f\u00e4lgr\u00e4nder Honda vita<\/p>\n<\/li>\n<li data-start=\"818\" data-end=\"848\">\n<p data-start=\"820\" data-end=\"848\">10 f\u00e4lgkanter VFR 800 vita<\/p>\n<\/li>\n<li data-start=\"849\" data-end=\"918\">\n<p data-start=\"851\" data-end=\"918\">4 vita f\u00e4lgdekor (2 stora, 2 sm\u00e5) f\u00f6r Honda<\/p>\n<\/li>\n<li data-start=\"919\" data-end=\"990\">\n<p data-start=\"921\" data-end=\"990\">4 inre f\u00e4lgdekaler VFR 800 vita (2 stora, 2 sm\u00e5)<\/p>\n<\/li>\n<li data-start=\"991\" data-end=\"1013\">\n<p data-start=\"993\" data-end=\"1013\">1 Honda-dekal r\u00f6d<\/p>\n<\/li>\n<\/ul>\n<p data-start=\"1015\" data-end=\"1162\">Klisterm\u00e4rkena \u00e4r <strong data-start=\"1033\" data-end=\"1049\">f\u00f6rskurna<\/strong>, v\u00e4derbest\u00e4ndiga och designade f\u00f6r en <strong data-start=\"1097\" data-end=\"1112\">enkel installation<\/strong> med en ren, h\u00e5llbar och professionell finish.<\/p>\n<p data-start=\"1164\" data-end=\"1308\">Dra nytta av detta <strong data-start=\"1182\" data-end=\"1205\">lagerrensning<\/strong> f\u00f6r att utrusta din Honda VFR 800 till ett rabatterat pris och ge den ett sportigt, modernt och personligt utseende.<\/p>","protected":false},"excerpt":{"rendered":"<h2><span style=\"color: #ff0000;\">Utf\u00f6rs\u00e4ljning\u00a0<\/span><\/h2>\n<p data-start=\"513\" data-end=\"691\">Ge din motorcykel en racing- och elegant touch med detta <strong data-start=\"573\" data-end=\"631\">dekalstrip till f\u00e4lgar Honda VFR 800 r\u00f6d och vit<\/strong>, speciellt designad f\u00f6r <strong data-start=\"661\" data-end=\"688\">sv: svarta 17-tums f\u00e4lgar<\/strong>.<\/p>\n<p data-start=\"693\" data-end=\"735\">Detta kompletta paket f\u00f6r 2 f\u00e4lg(ar) inneh\u00e5ller:<\/p>\n<ul data-start=\"736\" data-end=\"1013\">\n<li data-start=\"736\" data-end=\"788\">\n<p data-start=\"738\" data-end=\"788\">20 f\u00f6rb\u00f6jda f\u00e4lgband 8 mm \u2013 Design 1 r\u00f6d<\/p>\n<\/li>\n<li data-start=\"789\" data-end=\"817\">\n<p data-start=\"791\" data-end=\"817\">10 f\u00e4lgr\u00e4nder Honda vita<\/p>\n<\/li>\n<li data-start=\"818\" data-end=\"848\">\n<p data-start=\"820\" data-end=\"848\">10 f\u00e4lgkanter VFR 800 vita<\/p>\n<\/li>\n<li data-start=\"849\" data-end=\"918\">\n<p data-start=\"851\" data-end=\"918\">4 vita f\u00e4lgdekor (2 stora, 2 sm\u00e5) f\u00f6r Honda<\/p>\n<\/li>\n<li data-start=\"919\" data-end=\"990\">\n<p data-start=\"921\" data-end=\"990\">4 inre f\u00e4lgdekaler VFR 800 vita (2 stora, 2 sm\u00e5)<\/p>\n<\/li>\n<li data-start=\"991\" data-end=\"1013\">\n<p data-start=\"993\" data-end=\"1013\">1 Honda-dekal r\u00f6d<\/p>\n<\/li>\n<\/ul>\n<p data-start=\"1015\" data-end=\"1162\">Klisterm\u00e4rkena \u00e4r <strong data-start=\"1033\" data-end=\"1049\">f\u00f6rskurna<\/strong>, v\u00e4derbest\u00e4ndiga och designade f\u00f6r en <strong data-start=\"1097\" data-end=\"1112\">enkel installation<\/strong> med en ren, h\u00e5llbar och professionell finish.<\/p>\n<p data-start=\"1164\" data-end=\"1308\">Dra nytta av detta <strong data-start=\"1182\" data-end=\"1205\">lagerrensning<\/strong> f\u00f6r att utrusta din Honda VFR 800 till ett rabatterat pris och ge den ett sportigt, modernt och personligt utseende.<\/p>","protected":false},"featured_media":60212,"comment_status":"open","ping_status":"closed","template":"","meta":[],"product_brand":[],"product_cat":[929,963],"product_tag":[931,139,496,403,933,934,935,140,494,495],"class_list":["post-60211","product","type-product","status-publish","has-post-thumbnail","product_cat-destockage","product_cat-stickers-honda-pas-cher","product_tag-destockage","product_tag-honda","product_tag-honda-vfr-800","product_tag-liserets","product_tag-promo","product_tag-promotions","product_tag-reduction","product_tag-vfr","product_tag-vfr-800","product_tag-vfr800","entry","has-media","first","outofstock","sale","taxable","shipping-taxable","purchasable","product-type-simple","col","span_1_of_5","owp-content-center","item-entry","owp-thumbs-layout-horizontal","owp-btn-big","owp-tabs-layout-horizontal","has-no-thumbnails"],"ase":null,"_links":{"self":[{"href":"https:\/\/www.m-stickers.com\/sv\/wp-json\/wp\/v2\/product\/60211","targetHints":{"allow":["GET"]}}],"collection":[{"href":"https:\/\/www.m-stickers.com\/sv\/wp-json\/wp\/v2\/product"}],"about":[{"href":"https:\/\/www.m-stickers.com\/sv\/wp-json\/wp\/v2\/types\/product"}],"replies":[{"embeddable":true,"href":"https:\/\/www.m-stickers.com\/sv\/wp-json\/wp\/v2\/comments?post=60211"}],"wp:featuredmedia":[{"embeddable":true,"href":"https:\/\/www.m-stickers.com\/sv\/wp-json\/wp\/v2\/media\/60212"}],"wp:attachment":[{"href":"https:\/\/www.m-stickers.com\/sv\/wp-json\/wp\/v2\/media?parent=60211"}],"wp:term":[{"taxonomy":"product_brand","embeddable":true,"href":"https:\/\/www.m-stickers.com\/sv\/wp-json\/wp\/v2\/product_brand?post=60211"},{"taxonomy":"product_cat","embeddable":true,"href":"https:\/\/www.m-stickers.com\/sv\/wp-json\/wp\/v2\/product_cat?post=60211"},{"taxonomy":"product_tag","embeddable":true,"href":"https:\/\/www.m-stickers.com\/sv\/wp-json\/wp\/v2\/product_tag?post=60211"}],"curies":[{"name":"wp","href":"https:\/\/api.w.org\/{rel}","templated":true}]}}